{"id":15879,"date":"2023-07-20T13:02:38","date_gmt":"2023-07-20T11:02:38","guid":{"rendered":"https:\/\/elbullifoundation.com\/elbullistore\/?post_type=product&#038;p=15879"},"modified":"2026-03-04T15:36:43","modified_gmt":"2026-03-04T14:36:43","slug":"sapiens-del-chocolate","status":"publish","type":"product","link":"https:\/\/elbullifoundation.com\/elbullistore\/ca\/product\/sapiens-del-chocolate\/","title":{"rendered":"Sapiens del cacao y el chocolate. De la planta del cacao al chocolate"},"content":{"rendered":"<p>El <strong><em>Sapiens del cacau i la xocolata <\/em><\/strong>\u00e9s un projecte en el qual, a trav\u00e9s de la metodologia Sapiens creada per Ferran Adri\u00e0 i elBullifoundation, es pret\u00e9n arribar a comprendre la xocolata. Per\u00f2, per a aix\u00f2, \u00e9s necessari con\u00e8ixer tamb\u00e9 el cacau. Encara que el llibre s&#8217;engloba dins dels monogr\u00e0fics de la Bullipedia, \u00e9s una miqueta peculiar, ja que est\u00e0 dedicat a un producte no elaborat i, a la vegada, a un elaborat o elaboraci\u00f3.<\/p>\n<p>&nbsp;<\/p>\n<p>664 p\u00e0gines<\/p>\n<p>230 x 330 mm<\/p>\n<p>Tapa dura<\/p>\n<p>ISBN: 978-84-09-32139-1<\/p>\n","protected":false},"excerpt":{"rendered":"<p>El Sapiens del cacau i la xocolata \u00e9s un projecte en el qual, a trav\u00e9s de la metodologia Sapiens creada per Ferran Adri\u00e0 i elBullifoundation, es pret\u00e9n arribar a comprendre la xocolata. Per\u00f2, per a aix\u00f2, \u00e9s necessari con\u00e8ixer tamb\u00e9 el cacau. Encara que el llibre s&#8217;engloba dins dels monogr\u00e0fics de la Bullipedia, \u00e9s una [&hellip;]<\/p>\n","protected":false},"featured_media":11230,"comment_status":"closed","ping_status":"closed","template":"","meta":{"_acf_changed":false},"product_brand":[],"product_cat":[59,656],"product_tag":[],"class_list":{"0":"post-15879","1":"product","2":"type-product","3":"status-publish","4":"has-post-thumbnail","6":"product_cat-bullipedia-ca","7":"product_cat-general-ca","8":"product_shipping_class-envio-5k","10":"first","11":"instock","12":"taxable","13":"shipping-taxable","14":"purchasable","15":"product-type-variable","16":"has-default-attributes"},"acf":[],"yoast_head":"<!-- This site is optimized with the Yoast SEO plugin v26.9 - https:\/\/yoast.com\/product\/yoast-seo-wordpress\/ -->\n<title>Sapiens del cacao y el chocolate. De la planta del cacao al chocolate - elBullistore<\/title>\n<meta name=\"robots\" content=\"index, follow, max-snippet:-1, max-image-preview:large, max-video-preview:-1\" \/>\n<link rel=\"canonical\" href=\"https:\/\/elbullifoundation.com\/elbullistore\/ca\/product\/sapiens-del-chocolate\/\" \/>\n<meta property=\"og:locale\" content=\"es_ES\" \/>\n<meta property=\"og:type\" content=\"article\" \/>\n<meta property=\"og:title\" content=\"Sapiens del cacao y el chocolate. De la planta del cacao al chocolate - elBullistore\" \/>\n<meta property=\"og:description\" content=\"El Sapiens del cacau i la xocolata \u00e9s un projecte en el qual, a trav\u00e9s de la metodologia Sapiens creada per Ferran Adri\u00e0 i elBullifoundation, es pret\u00e9n arribar a comprendre la xocolata. Per\u00f2, per a aix\u00f2, \u00e9s necessari con\u00e8ixer tamb\u00e9 el cacau. Encara que el llibre s&#8217;engloba dins dels monogr\u00e0fics de la Bullipedia, \u00e9s una [&hellip;]\" \/>\n<meta property=\"og:url\" content=\"https:\/\/elbullifoundation.com\/elbullistore\/ca\/product\/sapiens-del-chocolate\/\" \/>\n<meta property=\"og:site_name\" content=\"elBullistore\" \/>\n<meta property=\"article:modified_time\" content=\"2026-03-04T14:36:43+00:00\" \/>\n<meta property=\"og:image\" content=\"https:\/\/elbullifoundation.com\/elbullistore\/wp-content\/uploads\/2020\/10\/portada.png\" \/>\n\t<meta property=\"og:image:width\" content=\"1400\" \/>\n\t<meta property=\"og:image:height\" content=\"1008\" \/>\n\t<meta property=\"og:image:type\" content=\"image\/png\" \/>\n<meta name=\"twitter:card\" content=\"summary_large_image\" \/>\n<meta name=\"twitter:label1\" content=\"Tiempo de lectura\" \/>\n\t<meta name=\"twitter:data1\" content=\"1 minuto\" \/>\n<script type=\"application\/ld+json\" class=\"yoast-schema-graph\">{\"@context\":\"https:\/\/schema.org\",\"@graph\":[{\"@type\":\"WebPage\",\"@id\":\"https:\/\/elbullifoundation.com\/elbullistore\/ca\/product\/sapiens-del-chocolate\/\",\"url\":\"https:\/\/elbullifoundation.com\/elbullistore\/ca\/product\/sapiens-del-chocolate\/\",\"name\":\"Sapiens del cacao y el chocolate. De la planta del cacao al chocolate - elBullistore\",\"isPartOf\":{\"@id\":\"https:\/\/elbullifoundation.com\/elbullistore\/#website\"},\"primaryImageOfPage\":{\"@id\":\"https:\/\/elbullifoundation.com\/elbullistore\/ca\/product\/sapiens-del-chocolate\/#primaryimage\"},\"image\":{\"@id\":\"https:\/\/elbullifoundation.com\/elbullistore\/ca\/product\/sapiens-del-chocolate\/#primaryimage\"},\"thumbnailUrl\":\"https:\/\/elbullifoundation.com\/elbullistore\/wp-content\/uploads\/2020\/10\/portada.png\",\"datePublished\":\"2023-07-20T11:02:38+00:00\",\"dateModified\":\"2026-03-04T14:36:43+00:00\",\"breadcrumb\":{\"@id\":\"https:\/\/elbullifoundation.com\/elbullistore\/ca\/product\/sapiens-del-chocolate\/#breadcrumb\"},\"inLanguage\":\"es\",\"potentialAction\":[{\"@type\":\"ReadAction\",\"target\":[\"https:\/\/elbullifoundation.com\/elbullistore\/ca\/product\/sapiens-del-chocolate\/\"]}]},{\"@type\":\"ImageObject\",\"inLanguage\":\"es\",\"@id\":\"https:\/\/elbullifoundation.com\/elbullistore\/ca\/product\/sapiens-del-chocolate\/#primaryimage\",\"url\":\"https:\/\/elbullifoundation.com\/elbullistore\/wp-content\/uploads\/2020\/10\/portada.png\",\"contentUrl\":\"https:\/\/elbullifoundation.com\/elbullistore\/wp-content\/uploads\/2020\/10\/portada.png\",\"width\":1400,\"height\":1008},{\"@type\":\"BreadcrumbList\",\"@id\":\"https:\/\/elbullifoundation.com\/elbullistore\/ca\/product\/sapiens-del-chocolate\/#breadcrumb\",\"itemListElement\":[{\"@type\":\"ListItem\",\"position\":1,\"name\":\"Portada\",\"item\":\"https:\/\/elbullifoundation.com\/elbullistore\/\"},{\"@type\":\"ListItem\",\"position\":2,\"name\":\"Productos\",\"item\":\"https:\/\/elbullifoundation.com\/elbullistore\/shop\/\"},{\"@type\":\"ListItem\",\"position\":3,\"name\":\"Sapiens del cacao y el chocolate. De la planta del cacao al chocolate\"}]},{\"@type\":\"WebSite\",\"@id\":\"https:\/\/elbullifoundation.com\/elbullistore\/#website\",\"url\":\"https:\/\/elbullifoundation.com\/elbullistore\/\",\"name\":\"elBullistore\",\"description\":\"\",\"potentialAction\":[{\"@type\":\"SearchAction\",\"target\":{\"@type\":\"EntryPoint\",\"urlTemplate\":\"https:\/\/elbullifoundation.com\/elbullistore\/?s={search_term_string}\"},\"query-input\":{\"@type\":\"PropertyValueSpecification\",\"valueRequired\":true,\"valueName\":\"search_term_string\"}}],\"inLanguage\":\"es\"}]}<\/script>\n<!-- \/ Yoast SEO plugin. -->","yoast_head_json":{"title":"Sapiens del cacao y el chocolate. De la planta del cacao al chocolate - elBullistore","robots":{"index":"index","follow":"follow","max-snippet":"max-snippet:-1","max-image-preview":"max-image-preview:large","max-video-preview":"max-video-preview:-1"},"canonical":"https:\/\/elbullifoundation.com\/elbullistore\/ca\/product\/sapiens-del-chocolate\/","og_locale":"es_ES","og_type":"article","og_title":"Sapiens del cacao y el chocolate. De la planta del cacao al chocolate - elBullistore","og_description":"El Sapiens del cacau i la xocolata \u00e9s un projecte en el qual, a trav\u00e9s de la metodologia Sapiens creada per Ferran Adri\u00e0 i elBullifoundation, es pret\u00e9n arribar a comprendre la xocolata. Per\u00f2, per a aix\u00f2, \u00e9s necessari con\u00e8ixer tamb\u00e9 el cacau. Encara que el llibre s&#8217;engloba dins dels monogr\u00e0fics de la Bullipedia, \u00e9s una [&hellip;]","og_url":"https:\/\/elbullifoundation.com\/elbullistore\/ca\/product\/sapiens-del-chocolate\/","og_site_name":"elBullistore","article_modified_time":"2026-03-04T14:36:43+00:00","og_image":[{"width":1400,"height":1008,"url":"https:\/\/elbullifoundation.com\/elbullistore\/wp-content\/uploads\/2020\/10\/portada.png","type":"image\/png"}],"twitter_card":"summary_large_image","twitter_misc":{"Tiempo de lectura":"1 minuto"},"schema":{"@context":"https:\/\/schema.org","@graph":[{"@type":"WebPage","@id":"https:\/\/elbullifoundation.com\/elbullistore\/ca\/product\/sapiens-del-chocolate\/","url":"https:\/\/elbullifoundation.com\/elbullistore\/ca\/product\/sapiens-del-chocolate\/","name":"Sapiens del cacao y el chocolate. De la planta del cacao al chocolate - elBullistore","isPartOf":{"@id":"https:\/\/elbullifoundation.com\/elbullistore\/#website"},"primaryImageOfPage":{"@id":"https:\/\/elbullifoundation.com\/elbullistore\/ca\/product\/sapiens-del-chocolate\/#primaryimage"},"image":{"@id":"https:\/\/elbullifoundation.com\/elbullistore\/ca\/product\/sapiens-del-chocolate\/#primaryimage"},"thumbnailUrl":"https:\/\/elbullifoundation.com\/elbullistore\/wp-content\/uploads\/2020\/10\/portada.png","datePublished":"2023-07-20T11:02:38+00:00","dateModified":"2026-03-04T14:36:43+00:00","breadcrumb":{"@id":"https:\/\/elbullifoundation.com\/elbullistore\/ca\/product\/sapiens-del-chocolate\/#breadcrumb"},"inLanguage":"es","potentialAction":[{"@type":"ReadAction","target":["https:\/\/elbullifoundation.com\/elbullistore\/ca\/product\/sapiens-del-chocolate\/"]}]},{"@type":"ImageObject","inLanguage":"es","@id":"https:\/\/elbullifoundation.com\/elbullistore\/ca\/product\/sapiens-del-chocolate\/#primaryimage","url":"https:\/\/elbullifoundation.com\/elbullistore\/wp-content\/uploads\/2020\/10\/portada.png","contentUrl":"https:\/\/elbullifoundation.com\/elbullistore\/wp-content\/uploads\/2020\/10\/portada.png","width":1400,"height":1008},{"@type":"BreadcrumbList","@id":"https:\/\/elbullifoundation.com\/elbullistore\/ca\/product\/sapiens-del-chocolate\/#breadcrumb","itemListElement":[{"@type":"ListItem","position":1,"name":"Portada","item":"https:\/\/elbullifoundation.com\/elbullistore\/"},{"@type":"ListItem","position":2,"name":"Productos","item":"https:\/\/elbullifoundation.com\/elbullistore\/shop\/"},{"@type":"ListItem","position":3,"name":"Sapiens del cacao y el chocolate. De la planta del cacao al chocolate"}]},{"@type":"WebSite","@id":"https:\/\/elbullifoundation.com\/elbullistore\/#website","url":"https:\/\/elbullifoundation.com\/elbullistore\/","name":"elBullistore","description":"","potentialAction":[{"@type":"SearchAction","target":{"@type":"EntryPoint","urlTemplate":"https:\/\/elbullifoundation.com\/elbullistore\/?s={search_term_string}"},"query-input":{"@type":"PropertyValueSpecification","valueRequired":true,"valueName":"search_term_string"}}],"inLanguage":"es"}]}},"lang":"ca","translations":{"ca":15879,"es":8833,"en":9757},"pll_sync_post":[],"_links":{"self":[{"href":"https:\/\/elbullifoundation.com\/elbullistore\/wp-json\/wp\/v2\/product\/15879","targetHints":{"allow":["GET"]}}],"collection":[{"href":"https:\/\/elbullifoundation.com\/elbullistore\/wp-json\/wp\/v2\/product"}],"about":[{"href":"https:\/\/elbullifoundation.com\/elbullistore\/wp-json\/wp\/v2\/types\/product"}],"replies":[{"embeddable":true,"href":"https:\/\/elbullifoundation.com\/elbullistore\/wp-json\/wp\/v2\/comments?post=15879"}],"wp:featuredmedia":[{"embeddable":true,"href":"https:\/\/elbullifoundation.com\/elbullistore\/wp-json\/wp\/v2\/media\/11230"}],"wp:attachment":[{"href":"https:\/\/elbullifoundation.com\/elbullistore\/wp-json\/wp\/v2\/media?parent=15879"}],"wp:term":[{"taxonomy":"product_brand","embeddable":true,"href":"https:\/\/elbullifoundation.com\/elbullistore\/wp-json\/wp\/v2\/product_brand?post=15879"},{"taxonomy":"product_cat","embeddable":true,"href":"https:\/\/elbullifoundation.com\/elbullistore\/wp-json\/wp\/v2\/product_cat?post=15879"},{"taxonomy":"product_tag","embeddable":true,"href":"https:\/\/elbullifoundation.com\/elbullistore\/wp-json\/wp\/v2\/product_tag?post=15879"}],"curies":[{"name":"wp","href":"https:\/\/api.w.org\/{rel}","templated":true}]}}