{"id":18612,"date":"2024-11-28T17:16:28","date_gmt":"2024-11-28T16:16:28","guid":{"rendered":"https:\/\/elbullifoundation.com\/elbullistore\/?post_type=product&#038;p=18612"},"modified":"2025-03-28T12:16:29","modified_gmt":"2025-03-28T11:16:29","slug":"lamina-con-paspartu-de-los-platos-iconicos-de-elbulli","status":"publish","type":"product","link":"https:\/\/elbullifoundation.com\/elbullistore\/ca\/product\/lamina-con-paspartu-de-los-platos-iconicos-de-elbulli\/","title":{"rendered":"L\u00e0mina amb paspart\u00fa dels plats ic\u00f2nics d&#8217;elBulli"},"content":{"rendered":"<p><strong>Reproducci\u00f3 exclusiva d&#8217;elaboracions seleccionades d&#8217;elBulli<\/strong>, amb els ingredients escrits a m\u00e0 per Ferran Adri\u00e0 i la seva signatura aut\u00e8ntica. Cada l\u00e0mina inclou un elegant paspart\u00fa que no nom\u00e9s en ressalta l\u2019obra, sin\u00f3 que tamb\u00e9 la protegeix, convertint-la en una pe\u00e7a \u00fanica d\u2019art i gastronomia.<\/p>\n<p>Aquestes l\u00e0mines amb paspart\u00fa s\u00f3n el regal ideal per als amants de l\u2019alta cuina i el disseny, i un record del llegat d&#8217;elBulli.<\/p>\n<p>Mida del paspart\u00fa<strong>:<\/strong> 30 x 31 cm<\/p>\n<p>&nbsp;<\/p>\n<p><strong>Elaboracions disponibles:<\/strong><\/p>\n<ul>\n<li>247 \/ la menestra de verduras en texturas, 1994<\/li>\n<li>298 \/ pollo al curry, 1995<\/li>\n<li>350 \/ ajo blanco, 1996<\/li>\n<li>367 \/ el plato de las especias, 1996<\/li>\n<li>873 \/ caviar sf\u00e9rico de mel\u00f3n, 2003<\/li>\n<li>1064 \/ espiral, 2004<\/li>\n<li>1112 \/ muelle de caramelo de aceite de oliva virgen, 2005<\/li>\n<\/ul>\n","protected":false},"excerpt":{"rendered":"<p>Reproducci\u00f3 exclusiva d&#8217;elaboracions seleccionades d&#8217;elBulli, amb els ingredients escrits a m\u00e0 per Ferran Adri\u00e0 i la seva signatura aut\u00e8ntica. Cada l\u00e0mina inclou un elegant paspart\u00fa que no nom\u00e9s en ressalta l\u2019obra, sin\u00f3 que tamb\u00e9 la protegeix, convertint-la en una pe\u00e7a \u00fanica d\u2019art i gastronomia. Aquestes l\u00e0mines amb paspart\u00fa s\u00f3n el regal ideal per als amants [&hellip;]<\/p>\n","protected":false},"featured_media":18626,"comment_status":"closed","ping_status":"closed","template":"","meta":{"_acf_changed":false},"product_brand":[],"product_cat":[2629],"product_tag":[],"class_list":{"0":"post-18612","1":"product","2":"type-product","3":"status-publish","4":"has-post-thumbnail","6":"product_cat-merchandising","8":"first","9":"instock","10":"taxable","11":"shipping-taxable","12":"purchasable","13":"product-type-variable"},"acf":[],"yoast_head":"<!-- This site is optimized with the Yoast SEO plugin v26.9 - https:\/\/yoast.com\/product\/yoast-seo-wordpress\/ -->\n<title>L\u00e0mina amb paspart\u00fa dels plats ic\u00f2nics d&#039;elBulli - elBullistore<\/title>\n<meta name=\"robots\" content=\"index, follow, max-snippet:-1, max-image-preview:large, max-video-preview:-1\" \/>\n<link rel=\"canonical\" href=\"https:\/\/elbullifoundation.com\/elbullistore\/ca\/product\/lamina-con-paspartu-de-los-platos-iconicos-de-elbulli\/\" \/>\n<meta property=\"og:locale\" content=\"es_ES\" \/>\n<meta property=\"og:type\" content=\"article\" \/>\n<meta property=\"og:title\" content=\"L\u00e0mina amb paspart\u00fa dels plats ic\u00f2nics d&#039;elBulli - elBullistore\" \/>\n<meta property=\"og:description\" content=\"Reproducci\u00f3 exclusiva d&#8217;elaboracions seleccionades d&#8217;elBulli, amb els ingredients escrits a m\u00e0 per Ferran Adri\u00e0 i la seva signatura aut\u00e8ntica. Cada l\u00e0mina inclou un elegant paspart\u00fa que no nom\u00e9s en ressalta l\u2019obra, sin\u00f3 que tamb\u00e9 la protegeix, convertint-la en una pe\u00e7a \u00fanica d\u2019art i gastronomia. Aquestes l\u00e0mines amb paspart\u00fa s\u00f3n el regal ideal per als amants [&hellip;]\" \/>\n<meta property=\"og:url\" content=\"https:\/\/elbullifoundation.com\/elbullistore\/ca\/product\/lamina-con-paspartu-de-los-platos-iconicos-de-elbulli\/\" \/>\n<meta property=\"og:site_name\" content=\"elBullistore\" \/>\n<meta property=\"article:modified_time\" content=\"2025-03-28T11:16:29+00:00\" \/>\n<meta property=\"og:image\" content=\"https:\/\/elbullifoundation.com\/elbullistore\/wp-content\/uploads\/2024\/11\/general.jpg\" \/>\n\t<meta property=\"og:image:width\" content=\"1097\" \/>\n\t<meta property=\"og:image:height\" content=\"1097\" \/>\n\t<meta property=\"og:image:type\" content=\"image\/jpeg\" \/>\n<meta name=\"twitter:card\" content=\"summary_large_image\" \/>\n<meta name=\"twitter:label1\" content=\"Tiempo de lectura\" \/>\n\t<meta name=\"twitter:data1\" content=\"1 minuto\" \/>\n<script type=\"application\/ld+json\" class=\"yoast-schema-graph\">{\"@context\":\"https:\/\/schema.org\",\"@graph\":[{\"@type\":\"WebPage\",\"@id\":\"https:\/\/elbullifoundation.com\/elbullistore\/ca\/product\/lamina-con-paspartu-de-los-platos-iconicos-de-elbulli\/\",\"url\":\"https:\/\/elbullifoundation.com\/elbullistore\/ca\/product\/lamina-con-paspartu-de-los-platos-iconicos-de-elbulli\/\",\"name\":\"L\u00e0mina amb paspart\u00fa dels plats ic\u00f2nics d'elBulli - elBullistore\",\"isPartOf\":{\"@id\":\"https:\/\/elbullifoundation.com\/elbullistore\/#website\"},\"primaryImageOfPage\":{\"@id\":\"https:\/\/elbullifoundation.com\/elbullistore\/ca\/product\/lamina-con-paspartu-de-los-platos-iconicos-de-elbulli\/#primaryimage\"},\"image\":{\"@id\":\"https:\/\/elbullifoundation.com\/elbullistore\/ca\/product\/lamina-con-paspartu-de-los-platos-iconicos-de-elbulli\/#primaryimage\"},\"thumbnailUrl\":\"https:\/\/elbullifoundation.com\/elbullistore\/wp-content\/uploads\/2024\/11\/postal6.jpg\",\"datePublished\":\"2024-11-28T16:16:28+00:00\",\"dateModified\":\"2025-03-28T11:16:29+00:00\",\"breadcrumb\":{\"@id\":\"https:\/\/elbullifoundation.com\/elbullistore\/ca\/product\/lamina-con-paspartu-de-los-platos-iconicos-de-elbulli\/#breadcrumb\"},\"inLanguage\":\"es\",\"potentialAction\":[{\"@type\":\"ReadAction\",\"target\":[\"https:\/\/elbullifoundation.com\/elbullistore\/ca\/product\/lamina-con-paspartu-de-los-platos-iconicos-de-elbulli\/\"]}]},{\"@type\":\"ImageObject\",\"inLanguage\":\"es\",\"@id\":\"https:\/\/elbullifoundation.com\/elbullistore\/ca\/product\/lamina-con-paspartu-de-los-platos-iconicos-de-elbulli\/#primaryimage\",\"url\":\"https:\/\/elbullifoundation.com\/elbullistore\/wp-content\/uploads\/2024\/11\/postal6.jpg\",\"contentUrl\":\"https:\/\/elbullifoundation.com\/elbullistore\/wp-content\/uploads\/2024\/11\/postal6.jpg\",\"width\":1097,\"height\":1097},{\"@type\":\"BreadcrumbList\",\"@id\":\"https:\/\/elbullifoundation.com\/elbullistore\/ca\/product\/lamina-con-paspartu-de-los-platos-iconicos-de-elbulli\/#breadcrumb\",\"itemListElement\":[{\"@type\":\"ListItem\",\"position\":1,\"name\":\"Portada\",\"item\":\"https:\/\/elbullifoundation.com\/elbullistore\/\"},{\"@type\":\"ListItem\",\"position\":2,\"name\":\"Productos\",\"item\":\"https:\/\/elbullifoundation.com\/elbullistore\/shop\/\"},{\"@type\":\"ListItem\",\"position\":3,\"name\":\"L\u00e0mina amb paspart\u00fa dels plats ic\u00f2nics d&#8217;elBulli\"}]},{\"@type\":\"WebSite\",\"@id\":\"https:\/\/elbullifoundation.com\/elbullistore\/#website\",\"url\":\"https:\/\/elbullifoundation.com\/elbullistore\/\",\"name\":\"elBullistore\",\"description\":\"\",\"potentialAction\":[{\"@type\":\"SearchAction\",\"target\":{\"@type\":\"EntryPoint\",\"urlTemplate\":\"https:\/\/elbullifoundation.com\/elbullistore\/?s={search_term_string}\"},\"query-input\":{\"@type\":\"PropertyValueSpecification\",\"valueRequired\":true,\"valueName\":\"search_term_string\"}}],\"inLanguage\":\"es\"}]}<\/script>\n<!-- \/ Yoast SEO plugin. -->","yoast_head_json":{"title":"L\u00e0mina amb paspart\u00fa dels plats ic\u00f2nics d'elBulli - elBullistore","robots":{"index":"index","follow":"follow","max-snippet":"max-snippet:-1","max-image-preview":"max-image-preview:large","max-video-preview":"max-video-preview:-1"},"canonical":"https:\/\/elbullifoundation.com\/elbullistore\/ca\/product\/lamina-con-paspartu-de-los-platos-iconicos-de-elbulli\/","og_locale":"es_ES","og_type":"article","og_title":"L\u00e0mina amb paspart\u00fa dels plats ic\u00f2nics d'elBulli - elBullistore","og_description":"Reproducci\u00f3 exclusiva d&#8217;elaboracions seleccionades d&#8217;elBulli, amb els ingredients escrits a m\u00e0 per Ferran Adri\u00e0 i la seva signatura aut\u00e8ntica. Cada l\u00e0mina inclou un elegant paspart\u00fa que no nom\u00e9s en ressalta l\u2019obra, sin\u00f3 que tamb\u00e9 la protegeix, convertint-la en una pe\u00e7a \u00fanica d\u2019art i gastronomia. Aquestes l\u00e0mines amb paspart\u00fa s\u00f3n el regal ideal per als amants [&hellip;]","og_url":"https:\/\/elbullifoundation.com\/elbullistore\/ca\/product\/lamina-con-paspartu-de-los-platos-iconicos-de-elbulli\/","og_site_name":"elBullistore","article_modified_time":"2025-03-28T11:16:29+00:00","og_image":[{"width":1097,"height":1097,"url":"https:\/\/elbullifoundation.com\/elbullistore\/wp-content\/uploads\/2024\/11\/general.jpg","type":"image\/jpeg"}],"twitter_card":"summary_large_image","twitter_misc":{"Tiempo de lectura":"1 minuto"},"schema":{"@context":"https:\/\/schema.org","@graph":[{"@type":"WebPage","@id":"https:\/\/elbullifoundation.com\/elbullistore\/ca\/product\/lamina-con-paspartu-de-los-platos-iconicos-de-elbulli\/","url":"https:\/\/elbullifoundation.com\/elbullistore\/ca\/product\/lamina-con-paspartu-de-los-platos-iconicos-de-elbulli\/","name":"L\u00e0mina amb paspart\u00fa dels plats ic\u00f2nics d'elBulli - elBullistore","isPartOf":{"@id":"https:\/\/elbullifoundation.com\/elbullistore\/#website"},"primaryImageOfPage":{"@id":"https:\/\/elbullifoundation.com\/elbullistore\/ca\/product\/lamina-con-paspartu-de-los-platos-iconicos-de-elbulli\/#primaryimage"},"image":{"@id":"https:\/\/elbullifoundation.com\/elbullistore\/ca\/product\/lamina-con-paspartu-de-los-platos-iconicos-de-elbulli\/#primaryimage"},"thumbnailUrl":"https:\/\/elbullifoundation.com\/elbullistore\/wp-content\/uploads\/2024\/11\/postal6.jpg","datePublished":"2024-11-28T16:16:28+00:00","dateModified":"2025-03-28T11:16:29+00:00","breadcrumb":{"@id":"https:\/\/elbullifoundation.com\/elbullistore\/ca\/product\/lamina-con-paspartu-de-los-platos-iconicos-de-elbulli\/#breadcrumb"},"inLanguage":"es","potentialAction":[{"@type":"ReadAction","target":["https:\/\/elbullifoundation.com\/elbullistore\/ca\/product\/lamina-con-paspartu-de-los-platos-iconicos-de-elbulli\/"]}]},{"@type":"ImageObject","inLanguage":"es","@id":"https:\/\/elbullifoundation.com\/elbullistore\/ca\/product\/lamina-con-paspartu-de-los-platos-iconicos-de-elbulli\/#primaryimage","url":"https:\/\/elbullifoundation.com\/elbullistore\/wp-content\/uploads\/2024\/11\/postal6.jpg","contentUrl":"https:\/\/elbullifoundation.com\/elbullistore\/wp-content\/uploads\/2024\/11\/postal6.jpg","width":1097,"height":1097},{"@type":"BreadcrumbList","@id":"https:\/\/elbullifoundation.com\/elbullistore\/ca\/product\/lamina-con-paspartu-de-los-platos-iconicos-de-elbulli\/#breadcrumb","itemListElement":[{"@type":"ListItem","position":1,"name":"Portada","item":"https:\/\/elbullifoundation.com\/elbullistore\/"},{"@type":"ListItem","position":2,"name":"Productos","item":"https:\/\/elbullifoundation.com\/elbullistore\/shop\/"},{"@type":"ListItem","position":3,"name":"L\u00e0mina amb paspart\u00fa dels plats ic\u00f2nics d&#8217;elBulli"}]},{"@type":"WebSite","@id":"https:\/\/elbullifoundation.com\/elbullistore\/#website","url":"https:\/\/elbullifoundation.com\/elbullistore\/","name":"elBullistore","description":"","potentialAction":[{"@type":"SearchAction","target":{"@type":"EntryPoint","urlTemplate":"https:\/\/elbullifoundation.com\/elbullistore\/?s={search_term_string}"},"query-input":{"@type":"PropertyValueSpecification","valueRequired":true,"valueName":"search_term_string"}}],"inLanguage":"es"}]}},"lang":"ca","translations":{"ca":18612,"es":18541,"en":18628},"pll_sync_post":[],"_links":{"self":[{"href":"https:\/\/elbullifoundation.com\/elbullistore\/wp-json\/wp\/v2\/product\/18612","targetHints":{"allow":["GET"]}}],"collection":[{"href":"https:\/\/elbullifoundation.com\/elbullistore\/wp-json\/wp\/v2\/product"}],"about":[{"href":"https:\/\/elbullifoundation.com\/elbullistore\/wp-json\/wp\/v2\/types\/product"}],"replies":[{"embeddable":true,"href":"https:\/\/elbullifoundation.com\/elbullistore\/wp-json\/wp\/v2\/comments?post=18612"}],"wp:featuredmedia":[{"embeddable":true,"href":"https:\/\/elbullifoundation.com\/elbullistore\/wp-json\/wp\/v2\/media\/18626"}],"wp:attachment":[{"href":"https:\/\/elbullifoundation.com\/elbullistore\/wp-json\/wp\/v2\/media?parent=18612"}],"wp:term":[{"taxonomy":"product_brand","embeddable":true,"href":"https:\/\/elbullifoundation.com\/elbullistore\/wp-json\/wp\/v2\/product_brand?post=18612"},{"taxonomy":"product_cat","embeddable":true,"href":"https:\/\/elbullifoundation.com\/elbullistore\/wp-json\/wp\/v2\/product_cat?post=18612"},{"taxonomy":"product_tag","embeddable":true,"href":"https:\/\/elbullifoundation.com\/elbullistore\/wp-json\/wp\/v2\/product_tag?post=18612"}],"curies":[{"name":"wp","href":"https:\/\/api.w.org\/{rel}","templated":true}]}}