{"id":5136,"date":"2019-09-02T17:51:36","date_gmt":"2019-09-02T15:51:36","guid":{"rendered":"https:\/\/elbullifoundation.com\/elbullistore\/?post_type=product&#038;p=5136"},"modified":"2024-09-04T15:07:25","modified_gmt":"2024-09-04T13:07:25","slug":"paleolitico-y-neolitico-los-origenes-de-la-cocina","status":"publish","type":"product","link":"https:\/\/elbullifoundation.com\/elbullistore\/producto\/paleolitico-y-neolitico-los-origenes-de-la-cocina\/","title":{"rendered":"Paleol\u00edtico y Neol\u00edtico. Los or\u00edgenes de la cocina"},"content":{"rendered":"<p><em><strong>Paleol\u00edtico y Neol\u00edtico. Los or\u00edgenes de la cocina<\/strong>,<\/em> inaugura la colecci\u00f3n de libros dedicados a la Historia de la Restauraci\u00f3n Gastron\u00f3mica en Occidente de Bullipedia. La cocina se inventa en el Paleol\u00edtico, al tiempo que se conforma nuestra especie, el <em>Homo sapiens. <\/em>Junto con el an\u00e1lisis de la cocina, la comida y la bebida de los primeros periodos de la Historia, analizamos a trav\u00e9s de la metodolog\u00eda Sapiens impulsada por Ferran Adri\u00e0 y el equipo de elBullifoundation, c\u00f3mo es el ser humano, c\u00f3mo surge y qu\u00e9\u00a0caracter\u00edsticas le convierten en el animal m\u00e1s creativo del planeta.<\/p>\n<p>&nbsp;<\/p>\n<p>590 p\u00e1ginas<\/p>\n<p>230 x 330 mm<\/p>\n<p>Tapa Dura<\/p>\n<p>ISBN: 978-84-09-12632-3<\/p>\n","protected":false},"excerpt":{"rendered":"<p>Paleol\u00edtico y Neol\u00edtico. Los or\u00edgenes de la cocina, inaugura la colecci\u00f3n de libros dedicados a la Historia de la Restauraci\u00f3n Gastron\u00f3mica en Occidente de Bullipedia. La cocina se inventa en el Paleol\u00edtico, al tiempo que se conforma nuestra especie, el Homo sapiens. Junto con el an\u00e1lisis de la cocina, la comida y la bebida de [&hellip;]<\/p>\n","protected":false},"featured_media":5137,"comment_status":"closed","ping_status":"closed","template":"","meta":{"_acf_changed":false},"product_brand":[],"product_cat":[15,2550],"product_tag":[292,289,149,290,150,288,294,156,291,293],"class_list":{"0":"post-5136","1":"product","2":"type-product","3":"status-publish","4":"has-post-thumbnail","6":"product_cat-bullipedia","7":"product_cat-historia","8":"product_tag-978-84-09-12632-3","9":"product_tag-book","10":"product_tag-bullipedia","11":"product_tag-el-bulli","12":"product_tag-ferran-adria","13":"product_tag-historia","14":"product_tag-historia-de-la-restauracion","15":"product_tag-libro","16":"product_tag-origen-cocina","17":"product_tag-paleolitico-y-neolitico","18":"product_shipping_class-envio-4k","20":"first","21":"instock","22":"taxable","23":"shipping-taxable","24":"purchasable","25":"product-type-variable","26":"has-default-attributes"},"acf":[],"yoast_head":"<!-- This site is optimized with the Yoast SEO plugin v26.9 - https:\/\/yoast.com\/product\/yoast-seo-wordpress\/ -->\n<title>Paleol\u00edtico y Neol\u00edtico. Los or\u00edgenes de la cocina - elBullistore<\/title>\n<meta name=\"description\" content=\"Paleol\u00edtico y Neol\u00edtico. Los or\u00edgenes de la cocina es el primer libro de historia de Bullipedia dirigido por Ferran Adri\u00e1 de elBullifoundation\" \/>\n<meta name=\"robots\" content=\"index, follow, max-snippet:-1, max-image-preview:large, max-video-preview:-1\" \/>\n<link rel=\"canonical\" href=\"https:\/\/elbullifoundation.com\/elbullistore\/producto\/paleolitico-y-neolitico-los-origenes-de-la-cocina\/\" \/>\n<meta property=\"og:locale\" content=\"es_ES\" \/>\n<meta property=\"og:type\" content=\"article\" \/>\n<meta property=\"og:title\" content=\"Paleol\u00edtico y Neol\u00edtico. Los or\u00edgenes de la cocina - elBullistore\" \/>\n<meta property=\"og:description\" content=\"Paleol\u00edtico y Neol\u00edtico. Los or\u00edgenes de la cocina es el primer libro de historia de Bullipedia dirigido por Ferran Adri\u00e1 de elBullifoundation\" \/>\n<meta property=\"og:url\" content=\"https:\/\/elbullifoundation.com\/elbullistore\/producto\/paleolitico-y-neolitico-los-origenes-de-la-cocina\/\" \/>\n<meta property=\"og:site_name\" content=\"elBullistore\" \/>\n<meta property=\"article:modified_time\" content=\"2024-09-04T13:07:25+00:00\" \/>\n<meta property=\"og:image\" content=\"https:\/\/elbullifoundation.com\/elbullistore\/wp-content\/uploads\/2019\/09\/01-portada_historia.png\" \/>\n\t<meta property=\"og:image:width\" content=\"1295\" \/>\n\t<meta property=\"og:image:height\" content=\"932\" \/>\n\t<meta property=\"og:image:type\" content=\"image\/png\" \/>\n<meta name=\"twitter:card\" content=\"summary_large_image\" \/>\n<meta name=\"twitter:label1\" content=\"Tiempo de lectura\" \/>\n\t<meta name=\"twitter:data1\" content=\"1 minuto\" \/>\n<script type=\"application\/ld+json\" class=\"yoast-schema-graph\">{\"@context\":\"https:\/\/schema.org\",\"@graph\":[{\"@type\":\"WebPage\",\"@id\":\"https:\/\/elbullifoundation.com\/elbullistore\/producto\/paleolitico-y-neolitico-los-origenes-de-la-cocina\/\",\"url\":\"https:\/\/elbullifoundation.com\/elbullistore\/producto\/paleolitico-y-neolitico-los-origenes-de-la-cocina\/\",\"name\":\"Paleol\u00edtico y Neol\u00edtico. Los or\u00edgenes de la cocina - elBullistore\",\"isPartOf\":{\"@id\":\"https:\/\/elbullifoundation.com\/elbullistore\/#website\"},\"primaryImageOfPage\":{\"@id\":\"https:\/\/elbullifoundation.com\/elbullistore\/producto\/paleolitico-y-neolitico-los-origenes-de-la-cocina\/#primaryimage\"},\"image\":{\"@id\":\"https:\/\/elbullifoundation.com\/elbullistore\/producto\/paleolitico-y-neolitico-los-origenes-de-la-cocina\/#primaryimage\"},\"thumbnailUrl\":\"https:\/\/elbullifoundation.com\/elbullistore\/wp-content\/uploads\/2019\/09\/01-portada_historia.png\",\"datePublished\":\"2019-09-02T15:51:36+00:00\",\"dateModified\":\"2024-09-04T13:07:25+00:00\",\"description\":\"Paleol\u00edtico y Neol\u00edtico. Los or\u00edgenes de la cocina es el primer libro de historia de Bullipedia dirigido por Ferran Adri\u00e1 de elBullifoundation\",\"breadcrumb\":{\"@id\":\"https:\/\/elbullifoundation.com\/elbullistore\/producto\/paleolitico-y-neolitico-los-origenes-de-la-cocina\/#breadcrumb\"},\"inLanguage\":\"es\",\"potentialAction\":[{\"@type\":\"ReadAction\",\"target\":[\"https:\/\/elbullifoundation.com\/elbullistore\/producto\/paleolitico-y-neolitico-los-origenes-de-la-cocina\/\"]}]},{\"@type\":\"ImageObject\",\"inLanguage\":\"es\",\"@id\":\"https:\/\/elbullifoundation.com\/elbullistore\/producto\/paleolitico-y-neolitico-los-origenes-de-la-cocina\/#primaryimage\",\"url\":\"https:\/\/elbullifoundation.com\/elbullistore\/wp-content\/uploads\/2019\/09\/01-portada_historia.png\",\"contentUrl\":\"https:\/\/elbullifoundation.com\/elbullistore\/wp-content\/uploads\/2019\/09\/01-portada_historia.png\",\"width\":1295,\"height\":932,\"caption\":\"Paleol\u00edtico y Neol\u00edtico. Los or\u00edgenes de la cocina - Libro Historia Bullipedia\"},{\"@type\":\"BreadcrumbList\",\"@id\":\"https:\/\/elbullifoundation.com\/elbullistore\/producto\/paleolitico-y-neolitico-los-origenes-de-la-cocina\/#breadcrumb\",\"itemListElement\":[{\"@type\":\"ListItem\",\"position\":1,\"name\":\"Portada\",\"item\":\"https:\/\/elbullifoundation.com\/elbullistore\/\"},{\"@type\":\"ListItem\",\"position\":2,\"name\":\"Productos\",\"item\":\"https:\/\/elbullifoundation.com\/elbullistore\/shop\/\"},{\"@type\":\"ListItem\",\"position\":3,\"name\":\"Paleol\u00edtico y Neol\u00edtico. Los or\u00edgenes de la cocina\"}]},{\"@type\":\"WebSite\",\"@id\":\"https:\/\/elbullifoundation.com\/elbullistore\/#website\",\"url\":\"https:\/\/elbullifoundation.com\/elbullistore\/\",\"name\":\"elBullistore\",\"description\":\"\",\"potentialAction\":[{\"@type\":\"SearchAction\",\"target\":{\"@type\":\"EntryPoint\",\"urlTemplate\":\"https:\/\/elbullifoundation.com\/elbullistore\/?s={search_term_string}\"},\"query-input\":{\"@type\":\"PropertyValueSpecification\",\"valueRequired\":true,\"valueName\":\"search_term_string\"}}],\"inLanguage\":\"es\"}]}<\/script>\n<!-- \/ Yoast SEO plugin. -->","yoast_head_json":{"title":"Paleol\u00edtico y Neol\u00edtico. Los or\u00edgenes de la cocina - elBullistore","description":"Paleol\u00edtico y Neol\u00edtico. Los or\u00edgenes de la cocina es el primer libro de historia de Bullipedia dirigido por Ferran Adri\u00e1 de elBullifoundation","robots":{"index":"index","follow":"follow","max-snippet":"max-snippet:-1","max-image-preview":"max-image-preview:large","max-video-preview":"max-video-preview:-1"},"canonical":"https:\/\/elbullifoundation.com\/elbullistore\/producto\/paleolitico-y-neolitico-los-origenes-de-la-cocina\/","og_locale":"es_ES","og_type":"article","og_title":"Paleol\u00edtico y Neol\u00edtico. Los or\u00edgenes de la cocina - elBullistore","og_description":"Paleol\u00edtico y Neol\u00edtico. Los or\u00edgenes de la cocina es el primer libro de historia de Bullipedia dirigido por Ferran Adri\u00e1 de elBullifoundation","og_url":"https:\/\/elbullifoundation.com\/elbullistore\/producto\/paleolitico-y-neolitico-los-origenes-de-la-cocina\/","og_site_name":"elBullistore","article_modified_time":"2024-09-04T13:07:25+00:00","og_image":[{"width":1295,"height":932,"url":"https:\/\/elbullifoundation.com\/elbullistore\/wp-content\/uploads\/2019\/09\/01-portada_historia.png","type":"image\/png"}],"twitter_card":"summary_large_image","twitter_misc":{"Tiempo de lectura":"1 minuto"},"schema":{"@context":"https:\/\/schema.org","@graph":[{"@type":"WebPage","@id":"https:\/\/elbullifoundation.com\/elbullistore\/producto\/paleolitico-y-neolitico-los-origenes-de-la-cocina\/","url":"https:\/\/elbullifoundation.com\/elbullistore\/producto\/paleolitico-y-neolitico-los-origenes-de-la-cocina\/","name":"Paleol\u00edtico y Neol\u00edtico. Los or\u00edgenes de la cocina - elBullistore","isPartOf":{"@id":"https:\/\/elbullifoundation.com\/elbullistore\/#website"},"primaryImageOfPage":{"@id":"https:\/\/elbullifoundation.com\/elbullistore\/producto\/paleolitico-y-neolitico-los-origenes-de-la-cocina\/#primaryimage"},"image":{"@id":"https:\/\/elbullifoundation.com\/elbullistore\/producto\/paleolitico-y-neolitico-los-origenes-de-la-cocina\/#primaryimage"},"thumbnailUrl":"https:\/\/elbullifoundation.com\/elbullistore\/wp-content\/uploads\/2019\/09\/01-portada_historia.png","datePublished":"2019-09-02T15:51:36+00:00","dateModified":"2024-09-04T13:07:25+00:00","description":"Paleol\u00edtico y Neol\u00edtico. Los or\u00edgenes de la cocina es el primer libro de historia de Bullipedia dirigido por Ferran Adri\u00e1 de elBullifoundation","breadcrumb":{"@id":"https:\/\/elbullifoundation.com\/elbullistore\/producto\/paleolitico-y-neolitico-los-origenes-de-la-cocina\/#breadcrumb"},"inLanguage":"es","potentialAction":[{"@type":"ReadAction","target":["https:\/\/elbullifoundation.com\/elbullistore\/producto\/paleolitico-y-neolitico-los-origenes-de-la-cocina\/"]}]},{"@type":"ImageObject","inLanguage":"es","@id":"https:\/\/elbullifoundation.com\/elbullistore\/producto\/paleolitico-y-neolitico-los-origenes-de-la-cocina\/#primaryimage","url":"https:\/\/elbullifoundation.com\/elbullistore\/wp-content\/uploads\/2019\/09\/01-portada_historia.png","contentUrl":"https:\/\/elbullifoundation.com\/elbullistore\/wp-content\/uploads\/2019\/09\/01-portada_historia.png","width":1295,"height":932,"caption":"Paleol\u00edtico y Neol\u00edtico. Los or\u00edgenes de la cocina - Libro Historia Bullipedia"},{"@type":"BreadcrumbList","@id":"https:\/\/elbullifoundation.com\/elbullistore\/producto\/paleolitico-y-neolitico-los-origenes-de-la-cocina\/#breadcrumb","itemListElement":[{"@type":"ListItem","position":1,"name":"Portada","item":"https:\/\/elbullifoundation.com\/elbullistore\/"},{"@type":"ListItem","position":2,"name":"Productos","item":"https:\/\/elbullifoundation.com\/elbullistore\/shop\/"},{"@type":"ListItem","position":3,"name":"Paleol\u00edtico y Neol\u00edtico. Los or\u00edgenes de la cocina"}]},{"@type":"WebSite","@id":"https:\/\/elbullifoundation.com\/elbullistore\/#website","url":"https:\/\/elbullifoundation.com\/elbullistore\/","name":"elBullistore","description":"","potentialAction":[{"@type":"SearchAction","target":{"@type":"EntryPoint","urlTemplate":"https:\/\/elbullifoundation.com\/elbullistore\/?s={search_term_string}"},"query-input":{"@type":"PropertyValueSpecification","valueRequired":true,"valueName":"search_term_string"}}],"inLanguage":"es"}]}},"lang":"es","translations":{"es":5136,"ca":5812,"en":5814},"pll_sync_post":[],"_links":{"self":[{"href":"https:\/\/elbullifoundation.com\/elbullistore\/wp-json\/wp\/v2\/product\/5136","targetHints":{"allow":["GET"]}}],"collection":[{"href":"https:\/\/elbullifoundation.com\/elbullistore\/wp-json\/wp\/v2\/product"}],"about":[{"href":"https:\/\/elbullifoundation.com\/elbullistore\/wp-json\/wp\/v2\/types\/product"}],"replies":[{"embeddable":true,"href":"https:\/\/elbullifoundation.com\/elbullistore\/wp-json\/wp\/v2\/comments?post=5136"}],"wp:featuredmedia":[{"embeddable":true,"href":"https:\/\/elbullifoundation.com\/elbullistore\/wp-json\/wp\/v2\/media\/5137"}],"wp:attachment":[{"href":"https:\/\/elbullifoundation.com\/elbullistore\/wp-json\/wp\/v2\/media?parent=5136"}],"wp:term":[{"taxonomy":"product_brand","embeddable":true,"href":"https:\/\/elbullifoundation.com\/elbullistore\/wp-json\/wp\/v2\/product_brand?post=5136"},{"taxonomy":"product_cat","embeddable":true,"href":"https:\/\/elbullifoundation.com\/elbullistore\/wp-json\/wp\/v2\/product_cat?post=5136"},{"taxonomy":"product_tag","embeddable":true,"href":"https:\/\/elbullifoundation.com\/elbullistore\/wp-json\/wp\/v2\/product_tag?post=5136"}],"curies":[{"name":"wp","href":"https:\/\/api.w.org\/{rel}","templated":true}]}}