{"id":6444,"date":"2020-02-26T16:32:03","date_gmt":"2020-02-26T15:32:03","guid":{"rendered":"https:\/\/elbullifoundation.com\/elbullistore\/producto\/la-comida-la-familia\/"},"modified":"2025-12-27T01:03:47","modified_gmt":"2025-12-27T00:03:47","slug":"la-comida-la-familia-ferran-adria-elbulli","status":"publish","type":"product","link":"https:\/\/elbullifoundation.com\/elbullistore\/ca\/product\/la-comida-la-familia-ferran-adria-elbulli\/","title":{"rendered":"El menjar de la fam\u00edlia"},"content":{"rendered":"<p>elBulli \u00e9s ja per sempre un referent gastron\u00f2mic ineludible. La inventiva, sofisticaci\u00f3, imaginaci\u00f3 i t\u00e8cnica de Ferran Adri\u00e0 i el seu equip han revolucionat la manera d&#8217;entendre la restauraci\u00f3.<\/p>\n<p>Per\u00f2 Qu\u00e8 menjava di\u00e0riament la fam\u00edlia de elBulli?<\/p>\n<p>T&#8217;has preguntat alguna vegada qu\u00e8 mengen els grans xefs?<\/p>\n<p>Com \u00e9s possible cuinar di\u00e0riament per a una brigada de 75 persones?<\/p>\n<p>Vols organitzar-te a casa com en un restaurant per a tenir el men\u00fa a punt en el moment de menjar?<\/p>\n<p>En el llibre El menjar de la fam\u00edlia, Ferran Adri\u00e0 ha reunit 31 men\u00fas equilibrats i saborosos, amb ingredients frescos i elaboraci\u00f3 cuidad\u00edsima per\u00f2 f\u00e0cil, perqu\u00e8 la teva fam\u00edlia, o la d&#8217;un professional, pugui aprofitar l&#8217;experi\u00e8ncia del dia a dia en la cuina del qual va ser el millor restaurant del m\u00f3n.<\/p>\n<p>Menjar b\u00e9 i variat \u00e9s una necessitat que aporta qualitat de vida, per\u00f2 tamb\u00e9 \u00e9s un plaer. Gr\u00e0cies a aquest llibre podr\u00e0 planificar diferents men\u00fas per a cada dia de la setmana.<\/p>\n<p>&nbsp;<\/p>\n<p>ISBN: 9788491870449<\/p>\n<p>Primera edici\u00f3: 2011<\/p>\n<p>Editorial: RBA llibres<\/p>\n<p>P\u00e0gines: 384<\/p>\n<p>Enquadernaci\u00f3: Tapa tova<\/p>\n<p>Grand\u00e0ria: 24x18cm<\/p>\n<p>Autor: Ferran Adri\u00e0 \/ elBulli<\/p>\n","protected":false},"excerpt":{"rendered":"<p>elBulli \u00e9s ja per sempre un referent gastron\u00f2mic ineludible. La inventiva, sofisticaci\u00f3, imaginaci\u00f3 i t\u00e8cnica de Ferran Adri\u00e0 i el seu equip han revolucionat la manera d&#8217;entendre la restauraci\u00f3. Per\u00f2 Qu\u00e8 menjava di\u00e0riament la fam\u00edlia de elBulli? T&#8217;has preguntat alguna vegada qu\u00e8 mengen els grans xefs? Com \u00e9s possible cuinar di\u00e0riament per a una brigada [&hellip;]<\/p>\n","protected":false},"featured_media":10273,"comment_status":"closed","ping_status":"closed","template":"","meta":{"_acf_changed":false},"product_brand":[],"product_cat":[75],"product_tag":[],"class_list":{"0":"post-6444","1":"product","2":"type-product","3":"status-publish","4":"has-post-thumbnail","6":"product_cat-otros-ca","7":"product_shipping_class-envio-2k-ca","9":"first","10":"instock","11":"taxable","12":"shipping-taxable","13":"purchasable","14":"product-type-variable"},"acf":[],"yoast_head":"<!-- This site is optimized with the Yoast SEO plugin v26.9 - https:\/\/yoast.com\/product\/yoast-seo-wordpress\/ -->\n<title>El menjar de la fam\u00edlia - elBullistore<\/title>\n<meta name=\"description\" content=\"\u00bfQu\u00e9 com\u00eda diariamente la familia de elBulli? Ferran Adri\u00e0 ha reunido 31 men\u00fas equilibrados y sabrosos en el libro La comida de la familia.\" \/>\n<meta name=\"robots\" content=\"index, follow, max-snippet:-1, max-image-preview:large, max-video-preview:-1\" \/>\n<link rel=\"canonical\" href=\"https:\/\/elbullifoundation.com\/elbullistore\/ca\/product\/la-comida-la-familia-ferran-adria-elbulli\/\" \/>\n<meta property=\"og:locale\" content=\"es_ES\" \/>\n<meta property=\"og:type\" content=\"article\" \/>\n<meta property=\"og:title\" content=\"El menjar de la fam\u00edlia - elBullistore\" \/>\n<meta property=\"og:description\" content=\"\u00bfQu\u00e9 com\u00eda diariamente la familia de elBulli? Ferran Adri\u00e0 ha reunido 31 men\u00fas equilibrados y sabrosos en el libro La comida de la familia.\" \/>\n<meta property=\"og:url\" content=\"https:\/\/elbullifoundation.com\/elbullistore\/ca\/product\/la-comida-la-familia-ferran-adria-elbulli\/\" \/>\n<meta property=\"og:site_name\" content=\"elBullistore\" \/>\n<meta property=\"article:modified_time\" content=\"2025-12-27T00:03:47+00:00\" \/>\n<meta property=\"og:image\" content=\"https:\/\/elbullifoundation.com\/elbullistore\/wp-content\/uploads\/2020\/02\/la_comida_de_familia_ferran_adria2.png\" \/>\n\t<meta property=\"og:image:width\" content=\"1300\" \/>\n\t<meta property=\"og:image:height\" content=\"936\" \/>\n\t<meta property=\"og:image:type\" content=\"image\/png\" \/>\n<meta name=\"twitter:card\" content=\"summary_large_image\" \/>\n<meta name=\"twitter:label1\" content=\"Tiempo de lectura\" \/>\n\t<meta name=\"twitter:data1\" content=\"1 minuto\" \/>\n<script type=\"application\/ld+json\" class=\"yoast-schema-graph\">{\"@context\":\"https:\/\/schema.org\",\"@graph\":[{\"@type\":\"WebPage\",\"@id\":\"https:\/\/elbullifoundation.com\/elbullistore\/ca\/product\/la-comida-la-familia-ferran-adria-elbulli\/\",\"url\":\"https:\/\/elbullifoundation.com\/elbullistore\/ca\/product\/la-comida-la-familia-ferran-adria-elbulli\/\",\"name\":\"El menjar de la fam\u00edlia - elBullistore\",\"isPartOf\":{\"@id\":\"https:\/\/elbullifoundation.com\/elbullistore\/#website\"},\"primaryImageOfPage\":{\"@id\":\"https:\/\/elbullifoundation.com\/elbullistore\/ca\/product\/la-comida-la-familia-ferran-adria-elbulli\/#primaryimage\"},\"image\":{\"@id\":\"https:\/\/elbullifoundation.com\/elbullistore\/ca\/product\/la-comida-la-familia-ferran-adria-elbulli\/#primaryimage\"},\"thumbnailUrl\":\"https:\/\/elbullifoundation.com\/elbullistore\/wp-content\/uploads\/2020\/02\/la_comida_de_familia_ferran_adria2.png\",\"datePublished\":\"2020-02-26T15:32:03+00:00\",\"dateModified\":\"2025-12-27T00:03:47+00:00\",\"description\":\"\u00bfQu\u00e9 com\u00eda diariamente la familia de elBulli? Ferran Adri\u00e0 ha reunido 31 men\u00fas equilibrados y sabrosos en el libro La comida de la familia.\",\"breadcrumb\":{\"@id\":\"https:\/\/elbullifoundation.com\/elbullistore\/ca\/product\/la-comida-la-familia-ferran-adria-elbulli\/#breadcrumb\"},\"inLanguage\":\"es\",\"potentialAction\":[{\"@type\":\"ReadAction\",\"target\":[\"https:\/\/elbullifoundation.com\/elbullistore\/ca\/product\/la-comida-la-familia-ferran-adria-elbulli\/\"]}]},{\"@type\":\"ImageObject\",\"inLanguage\":\"es\",\"@id\":\"https:\/\/elbullifoundation.com\/elbullistore\/ca\/product\/la-comida-la-familia-ferran-adria-elbulli\/#primaryimage\",\"url\":\"https:\/\/elbullifoundation.com\/elbullistore\/wp-content\/uploads\/2020\/02\/la_comida_de_familia_ferran_adria2.png\",\"contentUrl\":\"https:\/\/elbullifoundation.com\/elbullistore\/wp-content\/uploads\/2020\/02\/la_comida_de_familia_ferran_adria2.png\",\"width\":1300,\"height\":936},{\"@type\":\"BreadcrumbList\",\"@id\":\"https:\/\/elbullifoundation.com\/elbullistore\/ca\/product\/la-comida-la-familia-ferran-adria-elbulli\/#breadcrumb\",\"itemListElement\":[{\"@type\":\"ListItem\",\"position\":1,\"name\":\"Portada\",\"item\":\"https:\/\/elbullifoundation.com\/elbullistore\/\"},{\"@type\":\"ListItem\",\"position\":2,\"name\":\"Productos\",\"item\":\"https:\/\/elbullifoundation.com\/elbullistore\/shop\/\"},{\"@type\":\"ListItem\",\"position\":3,\"name\":\"El menjar de la fam\u00edlia\"}]},{\"@type\":\"WebSite\",\"@id\":\"https:\/\/elbullifoundation.com\/elbullistore\/#website\",\"url\":\"https:\/\/elbullifoundation.com\/elbullistore\/\",\"name\":\"elBullistore\",\"description\":\"\",\"potentialAction\":[{\"@type\":\"SearchAction\",\"target\":{\"@type\":\"EntryPoint\",\"urlTemplate\":\"https:\/\/elbullifoundation.com\/elbullistore\/?s={search_term_string}\"},\"query-input\":{\"@type\":\"PropertyValueSpecification\",\"valueRequired\":true,\"valueName\":\"search_term_string\"}}],\"inLanguage\":\"es\"}]}<\/script>\n<!-- \/ Yoast SEO plugin. -->","yoast_head_json":{"title":"El menjar de la fam\u00edlia - elBullistore","description":"\u00bfQu\u00e9 com\u00eda diariamente la familia de elBulli? Ferran Adri\u00e0 ha reunido 31 men\u00fas equilibrados y sabrosos en el libro La comida de la familia.","robots":{"index":"index","follow":"follow","max-snippet":"max-snippet:-1","max-image-preview":"max-image-preview:large","max-video-preview":"max-video-preview:-1"},"canonical":"https:\/\/elbullifoundation.com\/elbullistore\/ca\/product\/la-comida-la-familia-ferran-adria-elbulli\/","og_locale":"es_ES","og_type":"article","og_title":"El menjar de la fam\u00edlia - elBullistore","og_description":"\u00bfQu\u00e9 com\u00eda diariamente la familia de elBulli? Ferran Adri\u00e0 ha reunido 31 men\u00fas equilibrados y sabrosos en el libro La comida de la familia.","og_url":"https:\/\/elbullifoundation.com\/elbullistore\/ca\/product\/la-comida-la-familia-ferran-adria-elbulli\/","og_site_name":"elBullistore","article_modified_time":"2025-12-27T00:03:47+00:00","og_image":[{"width":1300,"height":936,"url":"https:\/\/elbullifoundation.com\/elbullistore\/wp-content\/uploads\/2020\/02\/la_comida_de_familia_ferran_adria2.png","type":"image\/png"}],"twitter_card":"summary_large_image","twitter_misc":{"Tiempo de lectura":"1 minuto"},"schema":{"@context":"https:\/\/schema.org","@graph":[{"@type":"WebPage","@id":"https:\/\/elbullifoundation.com\/elbullistore\/ca\/product\/la-comida-la-familia-ferran-adria-elbulli\/","url":"https:\/\/elbullifoundation.com\/elbullistore\/ca\/product\/la-comida-la-familia-ferran-adria-elbulli\/","name":"El menjar de la fam\u00edlia - elBullistore","isPartOf":{"@id":"https:\/\/elbullifoundation.com\/elbullistore\/#website"},"primaryImageOfPage":{"@id":"https:\/\/elbullifoundation.com\/elbullistore\/ca\/product\/la-comida-la-familia-ferran-adria-elbulli\/#primaryimage"},"image":{"@id":"https:\/\/elbullifoundation.com\/elbullistore\/ca\/product\/la-comida-la-familia-ferran-adria-elbulli\/#primaryimage"},"thumbnailUrl":"https:\/\/elbullifoundation.com\/elbullistore\/wp-content\/uploads\/2020\/02\/la_comida_de_familia_ferran_adria2.png","datePublished":"2020-02-26T15:32:03+00:00","dateModified":"2025-12-27T00:03:47+00:00","description":"\u00bfQu\u00e9 com\u00eda diariamente la familia de elBulli? Ferran Adri\u00e0 ha reunido 31 men\u00fas equilibrados y sabrosos en el libro La comida de la familia.","breadcrumb":{"@id":"https:\/\/elbullifoundation.com\/elbullistore\/ca\/product\/la-comida-la-familia-ferran-adria-elbulli\/#breadcrumb"},"inLanguage":"es","potentialAction":[{"@type":"ReadAction","target":["https:\/\/elbullifoundation.com\/elbullistore\/ca\/product\/la-comida-la-familia-ferran-adria-elbulli\/"]}]},{"@type":"ImageObject","inLanguage":"es","@id":"https:\/\/elbullifoundation.com\/elbullistore\/ca\/product\/la-comida-la-familia-ferran-adria-elbulli\/#primaryimage","url":"https:\/\/elbullifoundation.com\/elbullistore\/wp-content\/uploads\/2020\/02\/la_comida_de_familia_ferran_adria2.png","contentUrl":"https:\/\/elbullifoundation.com\/elbullistore\/wp-content\/uploads\/2020\/02\/la_comida_de_familia_ferran_adria2.png","width":1300,"height":936},{"@type":"BreadcrumbList","@id":"https:\/\/elbullifoundation.com\/elbullistore\/ca\/product\/la-comida-la-familia-ferran-adria-elbulli\/#breadcrumb","itemListElement":[{"@type":"ListItem","position":1,"name":"Portada","item":"https:\/\/elbullifoundation.com\/elbullistore\/"},{"@type":"ListItem","position":2,"name":"Productos","item":"https:\/\/elbullifoundation.com\/elbullistore\/shop\/"},{"@type":"ListItem","position":3,"name":"El menjar de la fam\u00edlia"}]},{"@type":"WebSite","@id":"https:\/\/elbullifoundation.com\/elbullistore\/#website","url":"https:\/\/elbullifoundation.com\/elbullistore\/","name":"elBullistore","description":"","potentialAction":[{"@type":"SearchAction","target":{"@type":"EntryPoint","urlTemplate":"https:\/\/elbullifoundation.com\/elbullistore\/?s={search_term_string}"},"query-input":{"@type":"PropertyValueSpecification","valueRequired":true,"valueName":"search_term_string"}}],"inLanguage":"es"}]}},"lang":"ca","translations":{"ca":6444,"es":6422,"en":6446},"pll_sync_post":[],"_links":{"self":[{"href":"https:\/\/elbullifoundation.com\/elbullistore\/wp-json\/wp\/v2\/product\/6444","targetHints":{"allow":["GET"]}}],"collection":[{"href":"https:\/\/elbullifoundation.com\/elbullistore\/wp-json\/wp\/v2\/product"}],"about":[{"href":"https:\/\/elbullifoundation.com\/elbullistore\/wp-json\/wp\/v2\/types\/product"}],"replies":[{"embeddable":true,"href":"https:\/\/elbullifoundation.com\/elbullistore\/wp-json\/wp\/v2\/comments?post=6444"}],"wp:featuredmedia":[{"embeddable":true,"href":"https:\/\/elbullifoundation.com\/elbullistore\/wp-json\/wp\/v2\/media\/10273"}],"wp:attachment":[{"href":"https:\/\/elbullifoundation.com\/elbullistore\/wp-json\/wp\/v2\/media?parent=6444"}],"wp:term":[{"taxonomy":"product_brand","embeddable":true,"href":"https:\/\/elbullifoundation.com\/elbullistore\/wp-json\/wp\/v2\/product_brand?post=6444"},{"taxonomy":"product_cat","embeddable":true,"href":"https:\/\/elbullifoundation.com\/elbullistore\/wp-json\/wp\/v2\/product_cat?post=6444"},{"taxonomy":"product_tag","embeddable":true,"href":"https:\/\/elbullifoundation.com\/elbullistore\/wp-json\/wp\/v2\/product_tag?post=6444"}],"curies":[{"name":"wp","href":"https:\/\/api.w.org\/{rel}","templated":true}]}}