{"id":6464,"date":"2020-02-26T16:08:46","date_gmt":"2020-02-26T15:08:46","guid":{"rendered":"https:\/\/elbullifoundation.com\/elbullistore\/producto\/celebrar-milenio-arzak-adria\/"},"modified":"2026-03-04T16:27:05","modified_gmt":"2026-03-04T15:27:05","slug":"celebrar-milenio-arzak-adria","status":"publish","type":"product","link":"https:\/\/elbullifoundation.com\/elbullistore\/ca\/product\/celebrar-milenio-arzak-adria\/","title":{"rendered":"Celebrar el milenio con Arzak &#038; Adri\u00e0"},"content":{"rendered":"<p>La celebraci\u00f3 del canvi de mil\u00b7lenni ens porta una col\u00b7laboraci\u00f3 res freq\u00fcent en el m\u00f3n de la gastronomia: dos amics, cuiners de prestigi, Juan Mari Arzak i Ferran Adri\u00e0, han decidit unir-se per a festejar en un llibre aquesta commemoraci\u00f3.<\/p>\n<p>&nbsp;<\/p>\n<p>Deixant de costat el que podria haver estat una competici\u00f3 entre dos mestres de la cuina, Arzak i Adri\u00e0 han elaborat de manera conjunta una s\u00e8rie de men\u00fas especials per a l&#8217;ocasi\u00f3, en els quals s&#8217;alternen els plats de tots dos.<\/p>\n<p>&nbsp;<\/p>\n<p>El llibre ofereix, a m\u00e9s, una amena descripci\u00f3 dels productes m\u00e9s destacats del Nadal i una \u00fatil introducci\u00f3 al m\u00f3n del vi. Tot aix\u00f2 per a convertir la fita del canvi de mil\u00b7lenni en una festa per als sentits.<\/p>\n<p>&nbsp;<\/p>\n<p>ISBN: 9788483072462<\/p>\n<p>Any edici\u00f3: 1999<\/p>\n<p>Editorial: Pen\u00ednsula<\/p>\n<p>P\u00e0gines: 173<\/p>\n<p>Enquadernaci\u00f3: Tapa dura<\/p>\n<p>Grand\u00e0ria: 30x22cm<\/p>\n<p>Autor: Ferran Adri\u00e0 \/ Juan Mari Arzak<\/p>\n","protected":false},"excerpt":{"rendered":"<p>La celebraci\u00f3 del canvi de mil\u00b7lenni ens porta una col\u00b7laboraci\u00f3 res freq\u00fcent en el m\u00f3n de la gastronomia: dos amics, cuiners de prestigi, Juan Mari Arzak i Ferran Adri\u00e0, han decidit unir-se per a festejar en un llibre aquesta commemoraci\u00f3. &nbsp; Deixant de costat el que podria haver estat una competici\u00f3 entre dos mestres de [&hellip;]<\/p>\n","protected":false},"featured_media":6439,"comment_status":"closed","ping_status":"closed","template":"","meta":{"_acf_changed":false},"product_brand":[],"product_cat":[75],"product_tag":[],"class_list":{"0":"post-6464","1":"product","2":"type-product","3":"status-publish","4":"has-post-thumbnail","6":"product_cat-otros-ca","7":"product_shipping_class-envio-2k-ca","9":"first","10":"instock","11":"taxable","12":"shipping-taxable","13":"purchasable","14":"product-type-variable"},"acf":[],"yoast_head":"<!-- This site is optimized with the Yoast SEO plugin v26.9 - https:\/\/yoast.com\/product\/yoast-seo-wordpress\/ -->\n<title>Celebrar el milenio con Arzak &amp; Adri\u00e0 - elBullistore<\/title>\n<meta name=\"description\" content=\"La celebraci\u00f3n del cambio de milenio nos trae una colaboraci\u00f3n nada frecuento en el mundo de la gastronom\u00eda con Juan Mari Arzak y Ferran Adri\u00e0.\" \/>\n<meta name=\"robots\" content=\"index, follow, max-snippet:-1, max-image-preview:large, max-video-preview:-1\" \/>\n<link rel=\"canonical\" href=\"https:\/\/elbullifoundation.com\/elbullistore\/ca\/product\/celebrar-milenio-arzak-adria\/\" \/>\n<meta property=\"og:locale\" content=\"es_ES\" \/>\n<meta property=\"og:type\" content=\"article\" \/>\n<meta property=\"og:title\" content=\"Celebrar el milenio con Arzak &amp; Adri\u00e0 - elBullistore\" \/>\n<meta property=\"og:description\" content=\"La celebraci\u00f3n del cambio de milenio nos trae una colaboraci\u00f3n nada frecuento en el mundo de la gastronom\u00eda con Juan Mari Arzak y Ferran Adri\u00e0.\" \/>\n<meta property=\"og:url\" content=\"https:\/\/elbullifoundation.com\/elbullistore\/ca\/product\/celebrar-milenio-arzak-adria\/\" \/>\n<meta property=\"og:site_name\" content=\"elBullistore\" \/>\n<meta property=\"article:modified_time\" content=\"2026-03-04T15:27:05+00:00\" \/>\n<meta property=\"og:image\" content=\"https:\/\/elbullifoundation.com\/elbullistore\/wp-content\/uploads\/2020\/02\/celebrar-el-milenio-con-arzak-adria.png\" \/>\n\t<meta property=\"og:image:width\" content=\"1800\" \/>\n\t<meta property=\"og:image:height\" content=\"1296\" \/>\n\t<meta property=\"og:image:type\" content=\"image\/png\" \/>\n<meta name=\"twitter:card\" content=\"summary_large_image\" \/>\n<meta name=\"twitter:label1\" content=\"Tiempo de lectura\" \/>\n\t<meta name=\"twitter:data1\" content=\"1 minuto\" \/>\n<script type=\"application\/ld+json\" class=\"yoast-schema-graph\">{\"@context\":\"https:\/\/schema.org\",\"@graph\":[{\"@type\":\"WebPage\",\"@id\":\"https:\/\/elbullifoundation.com\/elbullistore\/ca\/product\/celebrar-milenio-arzak-adria\/\",\"url\":\"https:\/\/elbullifoundation.com\/elbullistore\/ca\/product\/celebrar-milenio-arzak-adria\/\",\"name\":\"Celebrar el milenio con Arzak & Adri\u00e0 - elBullistore\",\"isPartOf\":{\"@id\":\"https:\/\/elbullifoundation.com\/elbullistore\/#website\"},\"primaryImageOfPage\":{\"@id\":\"https:\/\/elbullifoundation.com\/elbullistore\/ca\/product\/celebrar-milenio-arzak-adria\/#primaryimage\"},\"image\":{\"@id\":\"https:\/\/elbullifoundation.com\/elbullistore\/ca\/product\/celebrar-milenio-arzak-adria\/#primaryimage\"},\"thumbnailUrl\":\"https:\/\/elbullifoundation.com\/elbullistore\/wp-content\/uploads\/2020\/02\/celebrar-el-milenio-con-arzak-adria.png\",\"datePublished\":\"2020-02-26T15:08:46+00:00\",\"dateModified\":\"2026-03-04T15:27:05+00:00\",\"description\":\"La celebraci\u00f3n del cambio de milenio nos trae una colaboraci\u00f3n nada frecuento en el mundo de la gastronom\u00eda con Juan Mari Arzak y Ferran Adri\u00e0.\",\"breadcrumb\":{\"@id\":\"https:\/\/elbullifoundation.com\/elbullistore\/ca\/product\/celebrar-milenio-arzak-adria\/#breadcrumb\"},\"inLanguage\":\"es\",\"potentialAction\":[{\"@type\":\"ReadAction\",\"target\":[\"https:\/\/elbullifoundation.com\/elbullistore\/ca\/product\/celebrar-milenio-arzak-adria\/\"]}]},{\"@type\":\"ImageObject\",\"inLanguage\":\"es\",\"@id\":\"https:\/\/elbullifoundation.com\/elbullistore\/ca\/product\/celebrar-milenio-arzak-adria\/#primaryimage\",\"url\":\"https:\/\/elbullifoundation.com\/elbullistore\/wp-content\/uploads\/2020\/02\/celebrar-el-milenio-con-arzak-adria.png\",\"contentUrl\":\"https:\/\/elbullifoundation.com\/elbullistore\/wp-content\/uploads\/2020\/02\/celebrar-el-milenio-con-arzak-adria.png\",\"width\":1800,\"height\":1296,\"caption\":\"Celebrar el milenio con Arzak Adri\u00e0 - elBulli\"},{\"@type\":\"BreadcrumbList\",\"@id\":\"https:\/\/elbullifoundation.com\/elbullistore\/ca\/product\/celebrar-milenio-arzak-adria\/#breadcrumb\",\"itemListElement\":[{\"@type\":\"ListItem\",\"position\":1,\"name\":\"Portada\",\"item\":\"https:\/\/elbullifoundation.com\/elbullistore\/\"},{\"@type\":\"ListItem\",\"position\":2,\"name\":\"Productos\",\"item\":\"https:\/\/elbullifoundation.com\/elbullistore\/shop\/\"},{\"@type\":\"ListItem\",\"position\":3,\"name\":\"Celebrar el milenio con Arzak &#038; Adri\u00e0\"}]},{\"@type\":\"WebSite\",\"@id\":\"https:\/\/elbullifoundation.com\/elbullistore\/#website\",\"url\":\"https:\/\/elbullifoundation.com\/elbullistore\/\",\"name\":\"elBullistore\",\"description\":\"\",\"potentialAction\":[{\"@type\":\"SearchAction\",\"target\":{\"@type\":\"EntryPoint\",\"urlTemplate\":\"https:\/\/elbullifoundation.com\/elbullistore\/?s={search_term_string}\"},\"query-input\":{\"@type\":\"PropertyValueSpecification\",\"valueRequired\":true,\"valueName\":\"search_term_string\"}}],\"inLanguage\":\"es\"}]}<\/script>\n<!-- \/ Yoast SEO plugin. -->","yoast_head_json":{"title":"Celebrar el milenio con Arzak & Adri\u00e0 - elBullistore","description":"La celebraci\u00f3n del cambio de milenio nos trae una colaboraci\u00f3n nada frecuento en el mundo de la gastronom\u00eda con Juan Mari Arzak y Ferran Adri\u00e0.","robots":{"index":"index","follow":"follow","max-snippet":"max-snippet:-1","max-image-preview":"max-image-preview:large","max-video-preview":"max-video-preview:-1"},"canonical":"https:\/\/elbullifoundation.com\/elbullistore\/ca\/product\/celebrar-milenio-arzak-adria\/","og_locale":"es_ES","og_type":"article","og_title":"Celebrar el milenio con Arzak & Adri\u00e0 - elBullistore","og_description":"La celebraci\u00f3n del cambio de milenio nos trae una colaboraci\u00f3n nada frecuento en el mundo de la gastronom\u00eda con Juan Mari Arzak y Ferran Adri\u00e0.","og_url":"https:\/\/elbullifoundation.com\/elbullistore\/ca\/product\/celebrar-milenio-arzak-adria\/","og_site_name":"elBullistore","article_modified_time":"2026-03-04T15:27:05+00:00","og_image":[{"width":1800,"height":1296,"url":"https:\/\/elbullifoundation.com\/elbullistore\/wp-content\/uploads\/2020\/02\/celebrar-el-milenio-con-arzak-adria.png","type":"image\/png"}],"twitter_card":"summary_large_image","twitter_misc":{"Tiempo de lectura":"1 minuto"},"schema":{"@context":"https:\/\/schema.org","@graph":[{"@type":"WebPage","@id":"https:\/\/elbullifoundation.com\/elbullistore\/ca\/product\/celebrar-milenio-arzak-adria\/","url":"https:\/\/elbullifoundation.com\/elbullistore\/ca\/product\/celebrar-milenio-arzak-adria\/","name":"Celebrar el milenio con Arzak & Adri\u00e0 - elBullistore","isPartOf":{"@id":"https:\/\/elbullifoundation.com\/elbullistore\/#website"},"primaryImageOfPage":{"@id":"https:\/\/elbullifoundation.com\/elbullistore\/ca\/product\/celebrar-milenio-arzak-adria\/#primaryimage"},"image":{"@id":"https:\/\/elbullifoundation.com\/elbullistore\/ca\/product\/celebrar-milenio-arzak-adria\/#primaryimage"},"thumbnailUrl":"https:\/\/elbullifoundation.com\/elbullistore\/wp-content\/uploads\/2020\/02\/celebrar-el-milenio-con-arzak-adria.png","datePublished":"2020-02-26T15:08:46+00:00","dateModified":"2026-03-04T15:27:05+00:00","description":"La celebraci\u00f3n del cambio de milenio nos trae una colaboraci\u00f3n nada frecuento en el mundo de la gastronom\u00eda con Juan Mari Arzak y Ferran Adri\u00e0.","breadcrumb":{"@id":"https:\/\/elbullifoundation.com\/elbullistore\/ca\/product\/celebrar-milenio-arzak-adria\/#breadcrumb"},"inLanguage":"es","potentialAction":[{"@type":"ReadAction","target":["https:\/\/elbullifoundation.com\/elbullistore\/ca\/product\/celebrar-milenio-arzak-adria\/"]}]},{"@type":"ImageObject","inLanguage":"es","@id":"https:\/\/elbullifoundation.com\/elbullistore\/ca\/product\/celebrar-milenio-arzak-adria\/#primaryimage","url":"https:\/\/elbullifoundation.com\/elbullistore\/wp-content\/uploads\/2020\/02\/celebrar-el-milenio-con-arzak-adria.png","contentUrl":"https:\/\/elbullifoundation.com\/elbullistore\/wp-content\/uploads\/2020\/02\/celebrar-el-milenio-con-arzak-adria.png","width":1800,"height":1296,"caption":"Celebrar el milenio con Arzak Adri\u00e0 - elBulli"},{"@type":"BreadcrumbList","@id":"https:\/\/elbullifoundation.com\/elbullistore\/ca\/product\/celebrar-milenio-arzak-adria\/#breadcrumb","itemListElement":[{"@type":"ListItem","position":1,"name":"Portada","item":"https:\/\/elbullifoundation.com\/elbullistore\/"},{"@type":"ListItem","position":2,"name":"Productos","item":"https:\/\/elbullifoundation.com\/elbullistore\/shop\/"},{"@type":"ListItem","position":3,"name":"Celebrar el milenio con Arzak &#038; Adri\u00e0"}]},{"@type":"WebSite","@id":"https:\/\/elbullifoundation.com\/elbullistore\/#website","url":"https:\/\/elbullifoundation.com\/elbullistore\/","name":"elBullistore","description":"","potentialAction":[{"@type":"SearchAction","target":{"@type":"EntryPoint","urlTemplate":"https:\/\/elbullifoundation.com\/elbullistore\/?s={search_term_string}"},"query-input":{"@type":"PropertyValueSpecification","valueRequired":true,"valueName":"search_term_string"}}],"inLanguage":"es"}]}},"lang":"ca","translations":{"ca":6464,"es":6417,"en":6466},"pll_sync_post":[],"_links":{"self":[{"href":"https:\/\/elbullifoundation.com\/elbullistore\/wp-json\/wp\/v2\/product\/6464","targetHints":{"allow":["GET"]}}],"collection":[{"href":"https:\/\/elbullifoundation.com\/elbullistore\/wp-json\/wp\/v2\/product"}],"about":[{"href":"https:\/\/elbullifoundation.com\/elbullistore\/wp-json\/wp\/v2\/types\/product"}],"replies":[{"embeddable":true,"href":"https:\/\/elbullifoundation.com\/elbullistore\/wp-json\/wp\/v2\/comments?post=6464"}],"wp:featuredmedia":[{"embeddable":true,"href":"https:\/\/elbullifoundation.com\/elbullistore\/wp-json\/wp\/v2\/media\/6439"}],"wp:attachment":[{"href":"https:\/\/elbullifoundation.com\/elbullistore\/wp-json\/wp\/v2\/media?parent=6464"}],"wp:term":[{"taxonomy":"product_brand","embeddable":true,"href":"https:\/\/elbullifoundation.com\/elbullistore\/wp-json\/wp\/v2\/product_brand?post=6464"},{"taxonomy":"product_cat","embeddable":true,"href":"https:\/\/elbullifoundation.com\/elbullistore\/wp-json\/wp\/v2\/product_cat?post=6464"},{"taxonomy":"product_tag","embeddable":true,"href":"https:\/\/elbullifoundation.com\/elbullistore\/wp-json\/wp\/v2\/product_tag?post=6464"}],"curies":[{"name":"wp","href":"https:\/\/api.w.org\/{rel}","templated":true}]}}